{"version":"1.0","provider_name":"Turisme de les Garrigues","provider_url":"https:\/\/www.turismegarrigues.com\/blog","author_name":"turismegarrigues","author_url":"https:\/\/www.turismegarrigues.com\/blog\/author\/turismegarrigues\/","title":"L\u2019Espai Maci\u00e0 de les Borges Blanques - Turisme de les Garrigues","type":"rich","width":600,"height":338,"html":"<blockquote class=\"wp-embedded-content\" data-secret=\"xSdVAZ6MIH\"><a href=\"https:\/\/www.turismegarrigues.com\/blog\/lespai-macia-de-les-borges-blanques\/\">L\u2019Espai Maci\u00e0 de les Borges Blanques<\/a><\/blockquote><iframe sandbox=\"allow-scripts\" security=\"restricted\" src=\"https:\/\/www.turismegarrigues.com\/blog\/lespai-macia-de-les-borges-blanques\/embed\/#?secret=xSdVAZ6MIH\" width=\"600\" height=\"338\" title=\"&#8220;L\u2019Espai Maci\u00e0 de les Borges Blanques&#8221; &#8212; Turisme de les Garrigues\" data-secret=\"xSdVAZ6MIH\" frameborder=\"0\" marginwidth=\"0\" marginheight=\"0\" scrolling=\"no\" class=\"wp-embedded-content\"><\/iframe><script>\n\/*! This file is auto-generated *\/\n!function(d,l){\"use strict\";l.querySelector&&d.addEventListener&&\"undefined\"!=typeof URL&&(d.wp=d.wp||{},d.wp.receiveEmbedMessage||(d.wp.receiveEmbedMessage=function(e){var t=e.data;if((t||t.secret||t.message||t.value)&&!\/[^a-zA-Z0-9]\/.test(t.secret)){for(var s,r,n,a=l.querySelectorAll('iframe[data-secret=\"'+t.secret+'\"]'),o=l.querySelectorAll('blockquote[data-secret=\"'+t.secret+'\"]'),c=new RegExp(\"^https?:$\",\"i\"),i=0;i<o.length;i++)o[i].style.display=\"none\";for(i=0;i<a.length;i++)s=a[i],e.source===s.contentWindow&&(s.removeAttribute(\"style\"),\"height\"===t.message?(1e3<(r=parseInt(t.value,10))?r=1e3:~~r<200&&(r=200),s.height=r):\"link\"===t.message&&(r=new URL(s.getAttribute(\"src\")),n=new URL(t.value),c.test(n.protocol))&&n.host===r.host&&l.activeElement===s&&(d.top.location.href=t.value))}},d.addEventListener(\"message\",d.wp.receiveEmbedMessage,!1),l.addEventListener(\"DOMContentLoaded\",function(){for(var e,t,s=l.querySelectorAll(\"iframe.wp-embedded-content\"),r=0;r<s.length;r++)(t=(e=s[r]).getAttribute(\"data-secret\"))||(t=Math.random().toString(36).substring(2,12),e.src+=\"#?secret=\"+t,e.setAttribute(\"data-secret\",t)),e.contentWindow.postMessage({message:\"ready\",secret:t},\"*\")},!1)))}(window,document);\n\/\/# sourceURL=https:\/\/www.turismegarrigues.com\/blog\/wp-includes\/js\/wp-embed.min.js\n<\/script>\n","thumbnail_url":"https:\/\/www.turismegarrigues.com\/blog\/wp-content\/uploads\/ESPAIMACIA.jpg","thumbnail_width":1024,"thumbnail_height":576,"description":"Qui era Francesc Maci\u00e0? Per qu\u00e8 \u00e9s una figura imprescindible de la hist\u00f2ria de Catalunya? Quina relaci\u00f3 t\u00e9 amb les Garrigues i les Borges Blanques? Per con\u00e8ixer a fons i d\u2019una manera amena la figura de Francesc Maci\u00e0, el president de la Generalitat de Catalunya que va proclamar la Rep\u00fablica Catalana l\u2019any 1931, cal visitar ... Llegiu m\u00e9s"}